{"id":950,"date":"2021-11-12T10:15:57","date_gmt":"2021-11-12T10:15:57","guid":{"rendered":"https:\/\/colegioparqueespana.edu.ar\/2021\/?page_id=950"},"modified":"2023-07-05T17:45:03","modified_gmt":"2023-07-05T17:45:03","slug":"equipo-directivo","status":"publish","type":"page","link":"https:\/\/colegioparqueespana.edu.ar\/2021\/equipo-directivo\/","title":{"rendered":"Equipo Directivo"},"content":{"rendered":"\t\t<div data-elementor-type=\"wp-page\" data-elementor-id=\"950\" class=\"elementor elementor-950\">\n\t\t\t\t\t\t<section class=\"elementor-section elementor-top-section elementor-element elementor-element-fac87fc elementor-section-height-min-height elementor-section-boxed elementor-section-height-default elementor-section-items-middle\" data-id=\"fac87fc\" data-element_type=\"section\" data-e-type=\"section\" data-settings=\"{&quot;background_background&quot;:&quot;classic&quot;}\">\n\t\t\t\t\t\t\t<div class=\"elementor-background-overlay\"><\/div>\n\t\t\t\t\t\t\t<div class=\"elementor-container elementor-column-gap-default\">\n\t\t\t\t\t<div class=\"elementor-column elementor-col-100 elementor-top-column elementor-element elementor-element-460a5502\" data-id=\"460a5502\" data-element_type=\"column\" data-e-type=\"column\">\n\t\t\t<div class=\"elementor-widget-wrap elementor-element-populated\">\n\t\t\t\t\t\t<div class=\"elementor-element elementor-element-20a71932 elementor-widget elementor-widget-heading\" data-id=\"20a71932\" data-element_type=\"widget\" data-e-type=\"widget\" data-widget_type=\"heading.default\">\n\t\t\t\t<div class=\"elementor-widget-container\">\n\t\t\t\t\t<h1 class=\"elementor-heading-title elementor-size-default\">Equipo Directivo<\/h1>\t\t\t\t<\/div>\n\t\t\t\t<\/div>\n\t\t\t\t\t<\/div>\n\t\t<\/div>\n\t\t\t\t\t<\/div>\n\t\t<\/section>\n\t\t\t\t<section class=\"elementor-section elementor-top-section elementor-element elementor-element-2a33dd36 elementor-section-boxed elementor-section-height-default elementor-section-height-default\" data-id=\"2a33dd36\" data-element_type=\"section\" data-e-type=\"section\">\n\t\t\t\t\t\t<div class=\"elementor-container elementor-column-gap-default\">\n\t\t\t\t\t<div class=\"elementor-column elementor-col-33 elementor-top-column elementor-element elementor-element-71adda2a\" data-id=\"71adda2a\" data-element_type=\"column\" data-e-type=\"column\">\n\t\t\t<div class=\"elementor-widget-wrap elementor-element-populated\">\n\t\t\t\t\t\t<div class=\"elementor-element elementor-element-1e3e8554 elementor-widget elementor-widget-text-editor\" data-id=\"1e3e8554\" data-element_type=\"widget\" data-e-type=\"widget\" data-widget_type=\"text-editor.default\">\n\t\t\t\t<div class=\"elementor-widget-container\">\n\t\t\t\t\t\t\t\t\t<p><strong>REPRESENTANTE LEGAL:\u00a0 DIRECTORA ESPA\u00d1OLA<\/strong><br \/>Nuria \u00c1lvarez Sos<\/p><hr \/><p><strong>DIRECTORA ARGENTINA<\/strong><br \/>Roc\u00edo Narv\u00e1ez Lacambra<\/p><hr \/><p><strong>VICEDIRECTORA<\/strong><br \/>Lorena Chazarreta Cifr\u00e9<\/p>\t\t\t\t\t\t\t\t<\/div>\n\t\t\t\t<\/div>\n\t\t\t\t\t<\/div>\n\t\t<\/div>\n\t\t\t\t<div class=\"elementor-column elementor-col-33 elementor-top-column elementor-element elementor-element-8d0c611\" data-id=\"8d0c611\" data-element_type=\"column\" data-e-type=\"column\">\n\t\t\t<div class=\"elementor-widget-wrap elementor-element-populated\">\n\t\t\t\t\t\t<div class=\"elementor-element elementor-element-114ad41b elementor-widget elementor-widget-text-editor\" data-id=\"114ad41b\" data-element_type=\"widget\" data-e-type=\"widget\" data-widget_type=\"text-editor.default\">\n\t\t\t\t<div class=\"elementor-widget-container\">\n\t\t\t\t\t\t\t\t\t<p><strong>SECRETARIA<\/strong><br \/>Georgina Abbruzzese<\/p><hr \/><p><strong>PROSECRETARIA<\/strong><br \/>Silvina Colesso<\/p>\t\t\t\t\t\t\t\t<\/div>\n\t\t\t\t<\/div>\n\t\t\t\t\t<\/div>\n\t\t<\/div>\n\t\t\t\t<div class=\"elementor-column elementor-col-33 elementor-top-column elementor-element elementor-element-46f8b84b\" data-id=\"46f8b84b\" data-element_type=\"column\" data-e-type=\"column\">\n\t\t\t<div class=\"elementor-widget-wrap elementor-element-populated\">\n\t\t\t\t\t\t<div class=\"elementor-element elementor-element-7bb8ec4b elementor-widget elementor-widget-text-editor\" data-id=\"7bb8ec4b\" data-element_type=\"widget\" data-e-type=\"widget\" data-widget_type=\"text-editor.default\">\n\t\t\t\t<div class=\"elementor-widget-container\">\n\t\t\t\t\t\t\t\t\t<p><strong>BIBLIOTECARIA<\/strong><br>Adriana Pettinari<\/p>\n<hr>\n<p><strong>ADMINISTRADOR<\/strong><br>Sergio Adri\u00e1n Gonano<br>Marianela Rom\u00e1n<\/p>\t\t\t\t\t\t\t\t<\/div>\n\t\t\t\t<\/div>\n\t\t\t\t\t<\/div>\n\t\t<\/div>\n\t\t\t\t\t<\/div>\n\t\t<\/section>\n\t\t\t\t<\/div>\n\t\t","protected":false},"excerpt":{"rendered":"<p>Equipo Directivo REPRESENTANTE LEGAL:\u00a0 DIRECTORA ESPA\u00d1OLANuria \u00c1lvarez Sos DIRECTORA ARGENTINARoc\u00edo Narv\u00e1ez Lacambra VICEDIRECTORALorena Chazarreta Cifr\u00e9 SECRETARIAGeorgina Abbruzzese PROSECRETARIASilvina Colesso BIBLIOTECARIAAdriana&hellip;<\/p>\n","protected":false},"author":2,"featured_media":0,"parent":0,"menu_order":0,"comment_status":"closed","ping_status":"closed","template":"elementor_header_footer","meta":{"_acf_changed":false,"footnotes":""},"class_list":{"0":"post-950","1":"page","2":"type-page","3":"status-publish","5":"entry"},"acf":[],"aioseo_notices":[],"_links":{"self":[{"href":"https:\/\/colegioparqueespana.edu.ar\/2021\/wp-json\/wp\/v2\/pages\/950","targetHints":{"allow":["GET"]}}],"collection":[{"href":"https:\/\/colegioparqueespana.edu.ar\/2021\/wp-json\/wp\/v2\/pages"}],"about":[{"href":"https:\/\/colegioparqueespana.edu.ar\/2021\/wp-json\/wp\/v2\/types\/page"}],"author":[{"embeddable":true,"href":"https:\/\/colegioparqueespana.edu.ar\/2021\/wp-json\/wp\/v2\/users\/2"}],"replies":[{"embeddable":true,"href":"https:\/\/colegioparqueespana.edu.ar\/2021\/wp-json\/wp\/v2\/comments?post=950"}],"version-history":[{"count":28,"href":"https:\/\/colegioparqueespana.edu.ar\/2021\/wp-json\/wp\/v2\/pages\/950\/revisions"}],"predecessor-version":[{"id":2553,"href":"https:\/\/colegioparqueespana.edu.ar\/2021\/wp-json\/wp\/v2\/pages\/950\/revisions\/2553"}],"wp:attachment":[{"href":"https:\/\/colegioparqueespana.edu.ar\/2021\/wp-json\/wp\/v2\/media?parent=950"}],"curies":[{"name":"wp","href":"https:\/\/api.w.org\/{rel}","templated":true}]}}